{"id":4066,"date":"2025-04-10T15:47:02","date_gmt":"2025-04-10T19:47:02","guid":{"rendered":"https:\/\/precrisa.ca\/?post_type=tribe_events&#038;p=4066"},"modified":"2025-05-06T12:13:36","modified_gmt":"2025-05-06T16:13:36","slug":"exercice-de-simulation-de-crise","status":"publish","type":"tribe_events","link":"https:\/\/precrisa.ca\/en\/evenement\/exercice-de-simulation-de-crise\/","title":{"rendered":"Exercice de Simulation de Crise &#8211; R\u00e9seau Pr\u00e9crisa : Renforcez votre pr\u00e9paration face aux crises sanitaires"},"content":{"rendered":"<p>Le R\u00e9seau Pr\u00e9crisa, en collaboration avec des experts en gestion de crise, est heureux de vous inviter \u00e0 participer \u00e0 un \u00e9v\u00e9nement interactif unique : un exercice de simulation de crise sanitaire en ligne, qui se d\u00e9roulera le 20 mai 2025, de 13h00 \u00e0 14h30.<\/p>\n<p>Cet \u00e9v\u00e9nement marque le premier d&#8217;une s\u00e9rie d&#8217;exercices de simulation de crise que le R\u00e9seau Pr\u00e9crisa organisera dans les mois \u00e0 venir. Ces simulations sont con\u00e7ues pour r\u00e9pondre aux besoins de pr\u00e9paration exprim\u00e9s par les professionnels et les acteurs de divers secteurs au fil de nos activit\u00e9s. Ce premier exercice se concentrera sur un sc\u00e9nario de crise sanitaire, offrant une occasion pr\u00e9cieuse pour tester vos capacit\u00e9s \u00e0 r\u00e9agir rapidement et efficacement en situation de crise.<\/p>\n<h4><strong>Pourquoi participer \u00e0 cet exercice de simulation ?<\/strong><br \/>\n<b><\/b><\/h4>\n<p style=\"font-weight: 400;\">Les crises sanitaires peuvent survenir \u00e0 tout moment, et les cons\u00e9quences de leur gestion sont cruciales. Cet exercice vous permettra de vous pr\u00e9parer \u00e0 y faire face en testant vos r\u00e9flexes, en collaborant avec d&#8217;autres acteurs et en d\u00e9veloppant des solutions face \u00e0 une crise simul\u00e9e. Voici les principaux b\u00e9n\u00e9fices que vous en retirerez :<\/p>\n<ul style=\"font-weight: 400;\">\n<li><strong>\u00c9valuation de votre niveau de pr\u00e9paration<\/strong> : Cet exercice vous permettra de vous placer dans un contexte de crise et d&#8217;\u00e9valuer la mani\u00e8re dont vous r\u00e9agiriez face \u00e0 une situation sanitaire complexe.<\/li>\n<li><strong>Identification des domaines \u00e0 am\u00e9liorer<\/strong> : En analysant vos actions et en observant celles des autres participants, vous pourrez rep\u00e9rer les aspects \u00e0 travailler et les comp\u00e9tences \u00e0 d\u00e9velopper pour une meilleure gestion des crises futures.<\/li>\n<li><strong>Renforcement des relations professionnelles<\/strong> : En travaillant en \u00e9quipe sur un sc\u00e9nario commun, vous aurez l&#8217;opportunit\u00e9 d\u2019\u00e9largir votre r\u00e9seau et de renforcer les synergies avec d&#8217;autres acteurs du milieu, qu&#8217;ils soient issus du secteur de la sant\u00e9, de la soci\u00e9t\u00e9 civile, du gouvernement ou d&#8217;organisations communautaires. Cette collaboration est essentielle en p\u00e9riode de crise r\u00e9elle<\/li>\n<\/ul>\n<h4><\/h4>\n<h4 style=\"font-weight: 400;\"><strong>Les objectifs de l\u2019\u00e9v\u00e9nement :<\/strong><\/h4>\n<ol style=\"font-weight: 400;\">\n<li><strong>Renforcer la pr\u00e9paration collective<\/strong> : Gr\u00e2ce \u00e0 un travail collaboratif dans un environnement contr\u00f4l\u00e9, vous perfectionnerez vos capacit\u00e9s \u00e0 r\u00e9agir de mani\u00e8re coordonn\u00e9e et efficace face \u00e0 des situations de crise.<\/li>\n<li><strong>Acqu\u00e9rir des comp\u00e9tences pratiques<\/strong> : L\u2019exercice vous permettra d\u2019acqu\u00e9rir des comp\u00e9tences concr\u00e8tes, adapt\u00e9es aux situations de crise r\u00e9elles. Ces comp\u00e9tences seront imm\u00e9diatement transf\u00e9rables dans votre travail quotidien.<\/li>\n<li><strong>D\u00e9velopper l\u2019agilit\u00e9 en gestion de crise<\/strong> : Cet exercice vous offrira une exp\u00e9rience pratique pr\u00e9cieuse dans la gestion des crises sanitaires, vous permettant de mieux vous pr\u00e9parer aux situations d&#8217;urgence auxquelles vous pourriez \u00eatre confront\u00e9(e) dans votre milieu professionnel ou personnel.<\/li>\n<\/ol>\n<h4><\/h4>\n<h4><strong>D\u00e9tails pratiques de l&#8217;\u00e9v\u00e9nement :<\/strong><\/h4>\n<ul style=\"font-weight: 400;\">\n<li><strong>Date<\/strong> : 20 mai 2025<\/li>\n<li><strong>Heure<\/strong> : De 13h00 \u00e0 14h30<\/li>\n<li><strong>Lieu<\/strong> : En ligne (Les d\u00e9tails de la plateforme seront envoy\u00e9s apr\u00e8s inscription)<\/li>\n<\/ul>\n<h4><\/h4>\n<h4 style=\"font-weight: 400;\"><strong>Pourquoi cet exercice est-il essentiel pour vous ?<\/strong><\/h4>\n<p style=\"font-weight: 400;\">Les crises sanitaires exigent des r\u00e9actions rapides, des d\u00e9cisions \u00e9clair\u00e9es et une collaboration efficace. Cet exercice est une occasion unique d\u2019am\u00e9liorer votre r\u00e9activit\u00e9 et de perfectionner votre capacit\u00e9 \u00e0 travailler sous pression, tout en renfor\u00e7ant vos comp\u00e9tences en gestion de crise. Que vous soyez un professionnel de la sant\u00e9, un acteur gouvernemental, un membre d\u2019organisme communautaire, ou m\u00eame un citoyen engag\u00e9 dans la gestion de crise, cet \u00e9v\u00e9nement est con\u00e7u pour vous.<\/p>\n<h4><\/h4>\n<h4 style=\"font-weight: 400;\"><strong>Comment participer \u00e0 cet exercice ?<\/strong><\/h4>\n<p style=\"font-weight: 400;\">L\u2019inscription est simple ! Cliquez sur le lien ci-dessous pour vous inscrire \u00e0 cet \u00e9v\u00e9nement essentiel :<\/p>\n<h3 style=\"font-weight: 400;\"><strong><a href=\"https:\/\/www.eventbrite.com\/e\/exercice-de-simulation-de-crise-reseau-precrisa-tickets-1354854589549\" target=\"_blank\" rel=\"noopener\">\u2192 Inscrivez-vous d\u00e8s maintenant !<\/a><\/strong><\/h3>\n<p style=\"font-weight: 400;\">Ne manquez pas cette opportunit\u00e9 de renforcer vos capacit\u00e9s et de vous pr\u00e9parer \u00e0 g\u00e9rer des crises sanitaires futures. <strong>Les places sont limit\u00e9es<\/strong>, alors inscrivez-vous rapidement pour garantir votre participation.<\/p>\n<h4><\/h4>\n<h4 style=\"font-weight: 400;\"><strong>Un rendez-vous incontournable pour tous ceux qui souhaitent \u00eatre pr\u00eats en cas de crise<\/strong><\/h4>\n<p style=\"font-weight: 400;\">Le R\u00e9seau Pr\u00e9crisa est engag\u00e9 dans l&#8217;am\u00e9lioration continue de la pr\u00e9paration collective aux crises. En vous inscrivant \u00e0 cet exercice de simulation, vous faites un pas important vers une meilleure gestion des situations d&#8217;urgence. Ensemble, renfor\u00e7ons notre capacit\u00e9 \u00e0 r\u00e9pondre efficacement aux crises de demain.<\/p>","protected":false},"excerpt":{"rendered":"<p>Le R\u00e9seau Pr\u00e9crisa, en collaboration avec des experts en gestion de crise, est heureux de vous inviter \u00e0 participer \u00e0 un \u00e9v\u00e9nement interactif unique : un exercice de simulation de [&hellip;]<\/p>","protected":false},"author":1,"featured_media":4159,"template":"","meta":{"_seopress_robots_primary_cat":"","_seopress_titles_title":"","_seopress_titles_desc":"","_seopress_robots_index":"","_et_pb_use_builder":"","_et_pb_old_content":"","_et_gb_content_width":"","_tribe_events_status":"","_tribe_events_status_reason":"","footnotes":""},"tags":[],"tribe_events_cat":[47],"class_list":["post-4066","tribe_events","type-tribe_events","status-publish","has-post-thumbnail","hentry","tribe_events_cat-precrisa","cat_precrisa"],"jetpack_sharing_enabled":true,"_links":{"self":[{"href":"https:\/\/precrisa.ca\/en\/wp-json\/wp\/v2\/tribe_events\/4066","targetHints":{"allow":["GET"]}}],"collection":[{"href":"https:\/\/precrisa.ca\/en\/wp-json\/wp\/v2\/tribe_events"}],"about":[{"href":"https:\/\/precrisa.ca\/en\/wp-json\/wp\/v2\/types\/tribe_events"}],"author":[{"embeddable":true,"href":"https:\/\/precrisa.ca\/en\/wp-json\/wp\/v2\/users\/1"}],"version-history":[{"count":15,"href":"https:\/\/precrisa.ca\/en\/wp-json\/wp\/v2\/tribe_events\/4066\/revisions"}],"predecessor-version":[{"id":4165,"href":"https:\/\/precrisa.ca\/en\/wp-json\/wp\/v2\/tribe_events\/4066\/revisions\/4165"}],"wp:featuredmedia":[{"embeddable":true,"href":"https:\/\/precrisa.ca\/en\/wp-json\/wp\/v2\/media\/4159"}],"wp:attachment":[{"href":"https:\/\/precrisa.ca\/en\/wp-json\/wp\/v2\/media?parent=4066"}],"wp:term":[{"taxonomy":"post_tag","embeddable":true,"href":"https:\/\/precrisa.ca\/en\/wp-json\/wp\/v2\/tags?post=4066"},{"taxonomy":"tribe_events_cat","embeddable":true,"href":"https:\/\/precrisa.ca\/en\/wp-json\/wp\/v2\/tribe_events_cat?post=4066"}],"curies":[{"name":"wp","href":"https:\/\/api.w.org\/{rel}","templated":true}]}}