{"id":3951,"date":"2025-03-03T16:23:43","date_gmt":"2025-03-03T20:23:43","guid":{"rendered":"https:\/\/precrisa.ca\/?post_type=tribe_events&#038;p=3951"},"modified":"2025-03-03T16:25:59","modified_gmt":"2025-03-03T20:25:59","slug":"discussions-precrisa-prevenir-les-crises-en-sante-une-mission-collective-a-decouvrir","status":"publish","type":"tribe_events","link":"https:\/\/precrisa.ca\/en\/evenement\/discussions-precrisa-prevenir-les-crises-en-sante-une-mission-collective-a-decouvrir\/","title":{"rendered":"Les discussions Pr\u00e9crisa : Pr\u00e9venir les crises en sant\u00e9, une mission collective \u00e0 d\u00e9couvrir"},"content":{"rendered":"<p style=\"font-weight: 400;\">Le R\u00e9seau Pr\u00e9crisa est heureux de vous inviter \u00e0 son premier rendez-vous des <strong>Discussions Pr\u00e9crisa<\/strong> le <strong>vendredi 21 mars 2025<\/strong> de <strong>12h00 \u00e0 13h00 (EDT)<\/strong>, un \u00e9v\u00e9nement en ligne pour d\u00e9couvrir comment vous pouvez contribuer \u00e0 la pr\u00e9vention des crises en sant\u00e9.<\/p>\n<p style=\"font-weight: 400;\">Cet \u00e9v\u00e9nement est l&#8217;occasion de d\u00e9couvrir les missions et actions du R\u00e9seau Pr\u00e9crisa, soutenu par les <strong>Fonds de recherche du Qu\u00e9bec \u2013 Secteur Sant\u00e9 (FRQS)<\/strong>, qui se consacre \u00e0 renforcer la capacit\u00e9 des syst\u00e8mes de sant\u00e9 et des collectivit\u00e9s \u00e0 faire face aux menaces \u00e9mergentes, tout en soutenant une gestion proactive des crises en sant\u00e9.<\/p>\n<p style=\"font-weight: 400;\"><strong>Pourquoi participer ?<\/strong><\/p>\n<p style=\"font-weight: 400;\">Au cours de cette rencontre en ligne, nous vous pr\u00e9senterons :<\/p>\n<ul style=\"font-weight: 400;\">\n<li>La mission du r\u00e9seau et ses activit\u00e9s principales,<\/li>\n<li>Nos axes scientifiques, notamment la gouvernance de la recherche en p\u00e9riode de crise, la gestion des syst\u00e8mes de sant\u00e9, et la relation entre les individus, les communaut\u00e9s et le bien-\u00eatre,<\/li>\n<li>L\u2019approche <strong>Une seule sant\u00e9<\/strong> et les principes directeurs de Pr\u00e9crisa, tels que les <strong>4C de la gestion des crises<\/strong> et le <strong>partenariat citoyen<\/strong>.<\/li>\n<\/ul>\n<p style=\"font-weight: 400;\">Nous aborderons \u00e9galement les diff\u00e9rentes <strong>opportunit\u00e9s d&#8217;implication<\/strong> au sein du r\u00e9seau, les besoins actuels et les possibilit\u00e9s de collaboration, pour que chacun puisse s\u2019engager dans cette mission collective.<\/p>\n<p style=\"font-weight: 400;\"><strong>Un \u00e9v\u00e9nement pour l\u2019avenir de la sant\u00e9 publique<\/strong><\/p>\n<p style=\"font-weight: 400;\">Cet \u00e9v\u00e9nement vous offrira un aper\u00e7u pr\u00e9cieux sur l&#8217;importance de la recherche et de la pratique pour pr\u00e9venir et g\u00e9rer les crises en sant\u00e9, tout en contribuant \u00e0 la construction d&#8217;une communaut\u00e9 solidaire et proactive.<\/p>\n<p style=\"font-weight: 400;\"><strong>Rejoignez-nous pour en savoir plus sur Pr\u00e9crisa et sur les fa\u00e7ons dont vous pouvez vous impliquer dans cette mission essentielle !<\/strong><\/p>\n<h4 style=\"font-weight: 400;\"><a href=\"https:\/\/www.eventbrite.com\/e\/billets-precrisa-prevenir-les-crises-en-sante-une-mission-collective-a-decouvrir-1264141955619\" target=\"_blank\" rel=\"noopener\"><strong>Inscrivez-vous d\u00e8s maintenant \u2192<\/strong><\/a><\/h4>","protected":false},"excerpt":{"rendered":"<p>Le R\u00e9seau Pr\u00e9crisa est heureux de vous inviter \u00e0 son premier rendez-vous des Discussions Pr\u00e9crisa le vendredi 21 mars 2025 de 12h00 \u00e0 13h00 (EDT), un \u00e9v\u00e9nement en ligne pour d\u00e9couvrir comment vous pouvez contribuer \u00e0 la pr\u00e9vention des crises en sant\u00e9.<\/p>","protected":false},"author":1,"featured_media":3953,"template":"","meta":{"_seopress_robots_primary_cat":"","_seopress_titles_title":"","_seopress_titles_desc":"","_seopress_robots_index":"","_et_pb_use_builder":"","_et_pb_old_content":"","_et_gb_content_width":"","_tribe_events_status":"","_tribe_events_status_reason":"","footnotes":""},"tags":[],"tribe_events_cat":[47],"class_list":["post-3951","tribe_events","type-tribe_events","status-publish","has-post-thumbnail","hentry","tribe_events_cat-precrisa","cat_precrisa"],"jetpack_sharing_enabled":true,"_links":{"self":[{"href":"https:\/\/precrisa.ca\/en\/wp-json\/wp\/v2\/tribe_events\/3951","targetHints":{"allow":["GET"]}}],"collection":[{"href":"https:\/\/precrisa.ca\/en\/wp-json\/wp\/v2\/tribe_events"}],"about":[{"href":"https:\/\/precrisa.ca\/en\/wp-json\/wp\/v2\/types\/tribe_events"}],"author":[{"embeddable":true,"href":"https:\/\/precrisa.ca\/en\/wp-json\/wp\/v2\/users\/1"}],"version-history":[{"count":4,"href":"https:\/\/precrisa.ca\/en\/wp-json\/wp\/v2\/tribe_events\/3951\/revisions"}],"predecessor-version":[{"id":3958,"href":"https:\/\/precrisa.ca\/en\/wp-json\/wp\/v2\/tribe_events\/3951\/revisions\/3958"}],"wp:featuredmedia":[{"embeddable":true,"href":"https:\/\/precrisa.ca\/en\/wp-json\/wp\/v2\/media\/3953"}],"wp:attachment":[{"href":"https:\/\/precrisa.ca\/en\/wp-json\/wp\/v2\/media?parent=3951"}],"wp:term":[{"taxonomy":"post_tag","embeddable":true,"href":"https:\/\/precrisa.ca\/en\/wp-json\/wp\/v2\/tags?post=3951"},{"taxonomy":"tribe_events_cat","embeddable":true,"href":"https:\/\/precrisa.ca\/en\/wp-json\/wp\/v2\/tribe_events_cat?post=3951"}],"curies":[{"name":"wp","href":"https:\/\/api.w.org\/{rel}","templated":true}]}}