{"id":2896,"date":"2024-09-04T21:09:16","date_gmt":"2024-09-05T01:09:16","guid":{"rendered":"https:\/\/precrisa.ca\/?post_type=tribe_events&#038;p=2896"},"modified":"2024-09-19T15:53:55","modified_gmt":"2024-09-19T19:53:55","slug":"rendez-vous-precrisa-intervention-communautaire-en-sante-mentale-en-periode-de-crise","status":"publish","type":"tribe_events","link":"https:\/\/precrisa.ca\/en\/evenement\/rendez-vous-precrisa-intervention-communautaire-en-sante-mentale-en-periode-de-crise\/","title":{"rendered":"Rendez-vous Pr\u00e9crisa d\u00e9di\u00e9 \u00e0 l&#8217;intervention communautaire en sant\u00e9 mentale en p\u00e9riode de crise"},"content":{"rendered":"<p>L\u2019<strong><em>axe <\/em>Individus, communaut\u00e9s et bien-\u00eatre<\/strong> vous invite \u00e0 participer au <strong>Rendez-vous Pr\u00e9crisa d\u00e9di\u00e9 \u00e0 l&#8217;intervention communautaire en sant\u00e9 mentale en p\u00e9riode de crise<\/strong>.<\/p>\n<p>L\u2019\u00e9v\u00e9nement aura lieu le <strong>vendredi 25 octobre 2024 entre 9h et 16h<\/strong>, en pr\u00e9sentiel \u00e0 l\u2019<strong>\u00c9cole nationale d\u2019administration publique \u00e0 Montr\u00e9al<\/strong>. L\u2019\u00e9v\u00e9nement sera l\u2019opportunit\u00e9 de croiser les savoirs et partager les diverses expertises.<\/p>\n<p>Au programme, des conf\u00e9rencier\u00b7\u00e8res invit\u00e9\u00b7es, dont <strong>Blake Poland<\/strong>, <strong>M\u00e9lissa G\u00e9n\u00e9reux<\/strong> et <strong>Simon Coulombe<\/strong> \u00e9tabliront un bilan des interventions en sant\u00e9 mentale. Des groupes de discussion seront ensuite form\u00e9s afin d\u2019\u00e9mettre des initiatives. Vous souhaitez partager et \u00e9largir votre vision des interventions en sant\u00e9 mentale en tant que citoyen\u00b7nes, partenaires communautaires ou chercheurs\u00b7euses? L\u2019\u00e9v\u00e9nement a un nombre de places limit\u00e9es, nous vous invitons donc \u00e0 vous inscrire ci-bas.<\/p>\n<p>Restez \u00e0 l\u2019aff\u00fbt, plus de d\u00e9tails seront ajout\u00e9s au courant des prochaines semaines.<\/p>\n<p>&nbsp;<\/p>\n<h4 style=\"text-align: center;\"><a href=\"https:\/\/precrisa.ca\/wp-content\/uploads\/2024\/09\/Programme_25-octobre.pdf\" target=\"_blank\" rel=\"noopener\"><strong>Pour consulter la programmation<\/strong> \u279c<\/a><\/h4>\n<h4 style=\"text-align: center;\"><a href=\"https:\/\/docs.google.com\/forms\/d\/e\/1FAIpQLSeEXRwk0-Gz88KzZLzr0z4goWoX7uwmuGw3WxzOUImZqz-jBA\/viewform\" target=\"_blank\" rel=\"noopener\"><strong>Inscrivez-vous d\u00e8s maintenant <\/strong>\u279c<\/a><\/h4>","protected":false},"excerpt":{"rendered":"<p>L\u2019axe Individus, communaut\u00e9s et bien-\u00eatre vous invite \u00e0 participer au Rendez-vous Pr\u00e9crisa d\u00e9di\u00e9 \u00e0 l&#8217;intervention communautaire en sant\u00e9 mentale en p\u00e9riode de crise. L\u2019\u00e9v\u00e9nement aura lieu le vendredi 25 octobre 2024 entre 9h et 16h, en pr\u00e9sentiel \u00e0 l\u2019\u00c9cole nationale d\u2019administration publique \u00e0 Montr\u00e9al. <\/p>","protected":false},"author":1,"featured_media":0,"template":"","meta":{"_seopress_robots_primary_cat":"","_seopress_titles_title":"","_seopress_titles_desc":"","_seopress_robots_index":"","_et_pb_use_builder":"","_et_pb_old_content":"","_et_gb_content_width":"","_tribe_events_status":"","_tribe_events_status_reason":"","footnotes":""},"tags":[],"tribe_events_cat":[],"class_list":["post-2896","tribe_events","type-tribe_events","status-publish","hentry"],"jetpack_sharing_enabled":true,"_links":{"self":[{"href":"https:\/\/precrisa.ca\/en\/wp-json\/wp\/v2\/tribe_events\/2896","targetHints":{"allow":["GET"]}}],"collection":[{"href":"https:\/\/precrisa.ca\/en\/wp-json\/wp\/v2\/tribe_events"}],"about":[{"href":"https:\/\/precrisa.ca\/en\/wp-json\/wp\/v2\/types\/tribe_events"}],"author":[{"embeddable":true,"href":"https:\/\/precrisa.ca\/en\/wp-json\/wp\/v2\/users\/1"}],"version-history":[{"count":12,"href":"https:\/\/precrisa.ca\/en\/wp-json\/wp\/v2\/tribe_events\/2896\/revisions"}],"predecessor-version":[{"id":2931,"href":"https:\/\/precrisa.ca\/en\/wp-json\/wp\/v2\/tribe_events\/2896\/revisions\/2931"}],"wp:attachment":[{"href":"https:\/\/precrisa.ca\/en\/wp-json\/wp\/v2\/media?parent=2896"}],"wp:term":[{"taxonomy":"post_tag","embeddable":true,"href":"https:\/\/precrisa.ca\/en\/wp-json\/wp\/v2\/tags?post=2896"},{"taxonomy":"tribe_events_cat","embeddable":true,"href":"https:\/\/precrisa.ca\/en\/wp-json\/wp\/v2\/tribe_events_cat?post=2896"}],"curies":[{"name":"wp","href":"https:\/\/api.w.org\/{rel}","templated":true}]}}