{"id":5172,"date":"2026-02-11T14:07:36","date_gmt":"2026-02-11T18:07:36","guid":{"rendered":"https:\/\/precrisa.ca\/?post_type=project&#038;p=5172"},"modified":"2026-02-11T14:10:20","modified_gmt":"2026-02-11T18:10:20","slug":"apercu-de-lexposition-trajets-collectifs","status":"publish","type":"project","link":"https:\/\/precrisa.ca\/en\/projets\/apercu-de-lexposition-trajets-collectifs\/","title":{"rendered":"Aper\u00e7u de l\u2019exposition\u00a0Trajets collectifs"},"content":{"rendered":"<p>Les 6 et 7 f\u00e9vrier 2026, la Maison du d\u00e9veloppement durable a accueilli l\u2019exposition&nbsp;:&nbsp;<em>Trajets collectifs : revisiter le pass\u00e9 par le r\u00e9cit immersif.<\/em><\/p>\n\n\n\n<p>Soutenue par le Pr\u00e9crisa, cette exposition a permis \u00e0 149 participantes et participants de vivre une exp\u00e9rience artistique et scientifique immersive, \u00e0 la crois\u00e9e de la cr\u00e9ation, de la recherche et du dialogue citoyen. \u00c0 travers des \u0153uvres sensibles et interactives, l\u2019\u00e9v\u00e9nement a mis en lumi\u00e8re les travaux de recherche men\u00e9s au Qu\u00e9bec sur la sant\u00e9 mentale durant la pand\u00e9mie de la COVID-19.<\/p>\n\n\n\n<p>Parmi les moments forts :<\/p>\n\n\n\n<ul class=\"wp-block-list\">\n<li>L\u2019exploration de trois \u0153uvres interactives de l\u2019artiste Cecilia Torres ;<\/li>\n\n\n\n<li>Une cartographie de la r\u00e9silience, invitant les personnes participantes \u00e0 r\u00e9fl\u00e9chir \u00e0 ce qui les a soutenues pendant la pand\u00e9mie ;<\/li>\n\n\n\n<li>Un hall d\u2019honneur mettant en valeur les r\u00e9sultats de recherche de cinq chercheuses et chercheurs qu\u00e9b\u00e9cois ayant travaill\u00e9 sur la sant\u00e9 mentale en contexte de pand\u00e9mie ;<\/li>\n\n\n\n<li>Un groupe de discussion ayant donn\u00e9 lieu \u00e0 des \u00e9changes riches, sinc\u00e8res et porteurs de recommandations concr\u00e8tes en mati\u00e8re de sant\u00e9 mentale en temps de crise.<\/li>\n<\/ul>\n\n\n\n<p>Ce projet illustre avec force le potentiel des approches interdisciplinaires pour favoriser la r\u00e9flexion collective, la reconnaissance des v\u00e9cus et la mobilisation des connaissances.<\/p>\n\n\n\n<p><strong>F\u00e9licitations \u00e0 toute l\u2019\u00e9quipe derri\u00e8re cette r\u00e9alisation&nbsp;!<\/strong><\/p>\n\n\n\n<p><strong>\u00c9quipe d\u2019organisation<\/strong><\/p>\n\n\n\n<ul class=\"wp-block-list\">\n<li>Marjolaine Rivest-Beauregard<\/li>\n\n\n\n<li>Justine Fortin<\/li>\n\n\n\n<li>Elyas Aissia<\/li>\n<\/ul>\n\n\n\n<p><strong>\u00c9quipe scientifique<\/strong><\/p>\n\n\n\n<ul class=\"wp-block-list\">\n<li>Marjolaine Rivest-Beauregard<\/li>\n\n\n\n<li>Justine Fortin<\/li>\n\n\n\n<li>Audrey L\u2019Esp\u00e9rance<\/li>\n\n\n\n<li>Lily Lessard<\/li>\n\n\n\n<li>Roxane de la Sablonni\u00e8re<\/li>\n\n\n\n<li>Manuela Ferrari<\/li>\n<\/ul>\n\n\n\n<p><strong>Artiste<\/strong><\/p>\n\n\n\n<ul class=\"wp-block-list\">\n<li>Cecilia Torres<\/li>\n<\/ul>\n\n\n\n<p><strong>Leaders de Communaut\u00e9<\/strong><\/p>\n\n\n\n<ul class=\"wp-block-list\">\n<li>Elyas Aissia<\/li>\n\n\n\n<li>Chelsea Cuffaro<\/li>\n<\/ul>\n\n\n\n<p><strong>Aper\u00e7u vid\u00e9o de l\u2019exposition <\/strong>:<\/p>\n\n\n\n<p><\/p>\n\n\n\n<div class=\"wp-block-columns is-layout-flex wp-container-core-columns-is-layout-9d6595d7 wp-block-columns-is-layout-flex\">\n<div class=\"wp-block-column is-layout-flow wp-block-column-is-layout-flow\">\n<figure class=\"wp-block-embed is-type-video is-provider-youtube wp-block-embed-youtube wp-embed-aspect-9-16 wp-has-aspect-ratio\"><div class=\"wp-block-embed__wrapper\">\n<iframe loading=\"lazy\" title=\"Aper\u00e7u de l\u2019exposition : Trajets collectifs : revisiter le pass\u00e9 par le r\u00e9cit immersif.\" width=\"563\" height=\"1000\" src=\"https:\/\/www.youtube.com\/embed\/YdAgo7CBXn8?feature=oembed\"  allow=\"accelerometer; autoplay; clipboard-write; encrypted-media; gyroscope; picture-in-picture; web-share\" referrerpolicy=\"strict-origin-when-cross-origin\" allowfullscreen><\/iframe>\n<\/div><\/figure>\n<\/div>\n\n\n\n<div class=\"wp-block-column is-layout-flow wp-block-column-is-layout-flow\"><\/div>\n<\/div>","protected":false},"excerpt":{"rendered":"<p>Les 6 et 7 f\u00e9vrier 2026, la Maison du d\u00e9veloppement durable a accueilli l\u2019exposition&nbsp;:&nbsp;Trajets collectifs : revisiter le pass\u00e9 par le r\u00e9cit immersif. Soutenue par le Pr\u00e9crisa, cette exposition a [&hellip;]<\/p>","protected":false},"author":1,"featured_media":5053,"comment_status":"closed","ping_status":"closed","template":"","meta":{"_seopress_robots_primary_cat":"","_seopress_titles_title":"","_seopress_titles_desc":"","_seopress_robots_index":"","_et_pb_use_builder":"off","_et_pb_old_content":"","_et_gb_content_width":"","footnotes":""},"project_category":[],"project_tag":[],"class_list":["post-5172","project","type-project","status-publish","has-post-thumbnail","hentry"],"jetpack_sharing_enabled":true,"_links":{"self":[{"href":"https:\/\/precrisa.ca\/en\/wp-json\/wp\/v2\/project\/5172","targetHints":{"allow":["GET"]}}],"collection":[{"href":"https:\/\/precrisa.ca\/en\/wp-json\/wp\/v2\/project"}],"about":[{"href":"https:\/\/precrisa.ca\/en\/wp-json\/wp\/v2\/types\/project"}],"author":[{"embeddable":true,"href":"https:\/\/precrisa.ca\/en\/wp-json\/wp\/v2\/users\/1"}],"replies":[{"embeddable":true,"href":"https:\/\/precrisa.ca\/en\/wp-json\/wp\/v2\/comments?post=5172"}],"version-history":[{"count":3,"href":"https:\/\/precrisa.ca\/en\/wp-json\/wp\/v2\/project\/5172\/revisions"}],"predecessor-version":[{"id":5176,"href":"https:\/\/precrisa.ca\/en\/wp-json\/wp\/v2\/project\/5172\/revisions\/5176"}],"wp:featuredmedia":[{"embeddable":true,"href":"https:\/\/precrisa.ca\/en\/wp-json\/wp\/v2\/media\/5053"}],"wp:attachment":[{"href":"https:\/\/precrisa.ca\/en\/wp-json\/wp\/v2\/media?parent=5172"}],"wp:term":[{"taxonomy":"project_category","embeddable":true,"href":"https:\/\/precrisa.ca\/en\/wp-json\/wp\/v2\/project_category?post=5172"},{"taxonomy":"project_tag","embeddable":true,"href":"https:\/\/precrisa.ca\/en\/wp-json\/wp\/v2\/project_tag?post=5172"}],"curies":[{"name":"wp","href":"https:\/\/api.w.org\/{rel}","templated":true}]}}